{"id":75,"date":"2022-11-07T21:56:02","date_gmt":"2022-11-07T21:56:02","guid":{"rendered":"https:\/\/pastel19-cp796.wordpresstemporal.com\/internacionalcargo\/?page_id=75"},"modified":"2023-02-01T10:01:52","modified_gmt":"2023-02-01T10:01:52","slug":"transporte-terrestre","status":"publish","type":"page","link":"https:\/\/www.internacionalcargo.com\/en\/transporte-terrestre\/","title":{"rendered":"Land transport"},"content":{"rendered":"<p>[et_pb_section fb_built=\u00bb1&#8243; _builder_version=\u00bb4.19.4&#8243; _module_preset=\u00bbdefault\u00bb background_image=\u00bbhttp:\/\/www.internacionalcargo.com\/wp-content\/uploads\/2022\/11\/arriving-white-truck-on-the-road-in-rural-landscape-at-sunset-scaled-1.jpg\u00bb custom_padding=\u00bb||204px|||\u00bb global_colors_info=\u00bb{}\u00bb][\/et_pb_section][et_pb_section fb_built=\u00bb1&#8243; _builder_version=\u00bb4.18.1&#8243; _module_preset=\u00bbdefault\u00bb custom_padding=\u00bb0px||0px|||\u00bb global_colors_info=\u00bb{}\u00bb][et_pb_row _builder_version=\u00bb4.19.4&#8243; _module_preset=\u00bbdefault\u00bb background_color=\u00bb#13449a\u00bb width=\u00bb100%\u00bb max_width=\u00bb100vw\u00bb custom_padding=\u00bb0px||0px|||\u00bb global_colors_info=\u00bb{}\u00bb][et_pb_column type=\u00bb4_4&#8243; _builder_version=\u00bb4.18.1&#8243; _module_preset=\u00bbdefault\u00bb global_colors_info=\u00bb{}\u00bb][et_pb_text _builder_version=\u00bb4.19.4&#8243; _module_preset=\u00bbdefault\u00bb text_text_color=\u00bb#FFFFFF\u00bb text_font_size=\u00bb18px\u00bb custom_padding=\u00bb10px||15px|||\u00bb global_colors_info=\u00bb{}\u00bb]<\/p>\n<p style=\"text-align: center;\">\u00bfQu\u00e9 necesitas enviar? <span style=\"color: #ffffff;\"><a href=\"https:\/\/internacionalcargo.com\/formulario-presupuesto\/\" style=\"color: #ffffff;\"><strong>P\u00eddenos presupuesto <img loading=\"lazy\" decoding=\"async\" src=\"https:\/\/pastel19-cp796.wordpresstemporal.com\/internacionalcargo\/wp-content\/uploads\/2022\/11\/cursor.png\" width=\"15\" height=\"15\" alt=\"\" class=\"wp-image-20 alignnone size-full\" \/><\/strong><\/a><\/span><\/p>\n<p>[\/et_pb_text][\/et_pb_column][\/et_pb_row][\/et_pb_section][et_pb_section fb_built=\u00bb1&#8243; _builder_version=\u00bb4.18.1&#8243; _module_preset=\u00bbdefault\u00bb custom_padding=\u00bb0px||0px|||\u00bb global_colors_info=\u00bb{}\u00bb][et_pb_row _builder_version=\u00bb4.18.1&#8243; _module_preset=\u00bbdefault\u00bb custom_padding=\u00bb||6px|||\u00bb global_colors_info=\u00bb{}\u00bb][et_pb_column type=\u00bb4_4&#8243; _builder_version=\u00bb4.18.1&#8243; _module_preset=\u00bbdefault\u00bb global_colors_info=\u00bb{}\u00bb][et_pb_text _builder_version=\u00bb4.18.1&#8243; _module_preset=\u00bbdefault\u00bb text_text_color=\u00bb#13449a\u00bb text_font_size=\u00bb15px\u00bb header_3_text_color=\u00bb#13449a\u00bb header_3_font_size=\u00bb43px\u00bb header_3_line_height=\u00bb1.5em\u00bb custom_padding=\u00bb0px||0px|||\u00bb locked=\u00bboff\u00bb global_colors_info=\u00bb{}\u00bb]<\/p>\n<h3 style=\"text-align: center;\"><strong>Transporte terrestre<\/strong><\/h3>\n<p>[\/et_pb_text][\/et_pb_column][\/et_pb_row][\/et_pb_section][et_pb_section fb_built=\u00bb1&#8243; _builder_version=\u00bb4.18.1&#8243; _module_preset=\u00bbdefault\u00bb custom_padding=\u00bb0px||24px|||\u00bb locked=\u00bboff\u00bb global_colors_info=\u00bb{}\u00bb][et_pb_row column_structure=\u00bb3_5,2_5&#8243; use_custom_gutter=\u00bbon\u00bb _builder_version=\u00bb4.18.1&#8243; _module_preset=\u00bbdefault\u00bb width=\u00bb100%\u00bb max_width=\u00bb1265px\u00bb global_colors_info=\u00bb{}\u00bb][et_pb_column type=\u00bb3_5&#8243; _builder_version=\u00bb4.18.1&#8243; _module_preset=\u00bbdefault\u00bb global_colors_info=\u00bb{}\u00bb][et_pb_text _builder_version=\u00bb4.19.4&#8243; _module_preset=\u00bbdefault\u00bb text_text_color=\u00bb#13449a\u00bb text_font_size=\u00bb17px\u00bb header_3_text_color=\u00bb#13449a\u00bb header_3_font_size=\u00bb29px\u00bb header_3_line_height=\u00bb1.5em\u00bb width=\u00bb80%\u00bb max_width=\u00bb80%\u00bb module_alignment=\u00bbcenter\u00bb custom_padding=\u00bb||||false|false\u00bb locked=\u00bboff\u00bb global_colors_info=\u00bb{}\u00bb]<\/p>\n<p><strong>Servicio nacional e\u00a0 internacional.<\/strong><\/p>\n<p>El servicio terrestre de mercanc\u00edas de <strong>INTERNACIONAL CARGO<\/strong> abarca dos grandes a\u00e9reas: nacional e internacional.<\/p>\n<p>El servicio en la pen\u00ednsula ib\u00e9rica incluye cargas completas y lotes, adem\u00e1s cubrimos Ceuta, Melilla, Baleares y Canarias.<\/p>\n<p>El servicio en la parte de transporte terrestre en internacional , INTERNACIONAL CARGO ofrece tanto carga completa como grupaje.<\/p>\n<p>Tambi\u00e9n tenemos el placer de ofrecer nuestra LINEA DIRECTA desde Madrid a PORTUGAL y al contrario.<\/p>\n<p>[\/et_pb_text][\/et_pb_column][et_pb_column type=\u00bb2_5&#8243; _builder_version=\u00bb4.18.1&#8243; _module_preset=\u00bbdefault\u00bb global_colors_info=\u00bb{}\u00bb][et_pb_image src=\u00bbhttp:\/\/www.internacionalcargo.com\/wp-content\/uploads\/2022\/11\/arriving-white-truck-on-the-road-in-rural-landscape-at-sunset-scaled-1.jpg\u00bb title_text=\u00bbArriving white truck on the road in a rural landscape at sunset\u00bb _builder_version=\u00bb4.19.4&#8243; _module_preset=\u00bbdefault\u00bb hover_enabled=\u00bb0&#8243; box_shadow_style=\u00bbpreset2&#8243; global_colors_info=\u00bb{}\u00bb sticky_enabled=\u00bb0&#8243;][\/et_pb_image][\/et_pb_column][\/et_pb_row][\/et_pb_section][et_pb_section fb_built=\u00bb1&#8243; _builder_version=\u00bb4.18.1&#8243; _module_preset=\u00bbdefault\u00bb custom_padding=\u00bb0px|||||\u00bb locked=\u00bboff\u00bb global_colors_info=\u00bb{}\u00bb][et_pb_row column_structure=\u00bb2_5,3_5&#8243; use_custom_gutter=\u00bbon\u00bb _builder_version=\u00bb4.18.1&#8243; _module_preset=\u00bbdefault\u00bb width=\u00bb100%\u00bb max_width=\u00bb1269px\u00bb global_colors_info=\u00bb{}\u00bb][et_pb_column type=\u00bb2_5&#8243; _builder_version=\u00bb4.18.1&#8243; _module_preset=\u00bbdefault\u00bb global_colors_info=\u00bb{}\u00bb][et_pb_image src=\u00bbhttp:\/\/www.internacionalcargo.com\/wp-content\/uploads\/2022\/11\/arriving-white-truck-on-the-road-in-rural-landscape-at-sunset-scaled-1.jpg\u00bb title_text=\u00bbArriving white truck on the road in a rural landscape at sunset\u00bb _builder_version=\u00bb4.19.4&#8243; _module_preset=\u00bbdefault\u00bb hover_enabled=\u00bb0&#8243; box_shadow_style=\u00bbpreset2&#8243; global_colors_info=\u00bb{}\u00bb sticky_enabled=\u00bb0&#8243;][\/et_pb_image][\/et_pb_column][et_pb_column type=\u00bb3_5&#8243; _builder_version=\u00bb4.18.1&#8243; _module_preset=\u00bbdefault\u00bb global_colors_info=\u00bb{}\u00bb][et_pb_text _builder_version=\u00bb4.19.4&#8243; _module_preset=\u00bbdefault\u00bb text_text_color=\u00bb#13449a\u00bb text_font_size=\u00bb17px\u00bb text_line_height=\u00bb1.4em\u00bb header_3_text_color=\u00bb#13449a\u00bb header_3_font_size=\u00bb29px\u00bb header_3_line_height=\u00bb1.5em\u00bb header_5_text_color=\u00bb#13449a\u00bb header_5_font_size=\u00bb18px\u00bb header_5_line_height=\u00bb1.4em\u00bb width=\u00bb80%\u00bb max_width=\u00bb80%\u00bb module_alignment=\u00bbcenter\u00bb custom_margin=\u00bb|-25px||91px|false|false\u00bb custom_padding=\u00bb||||false|false\u00bb locked=\u00bboff\u00bb global_colors_info=\u00bb{}\u00bb]<\/p>\n<div class=\"col-md-6\">\n<h5>Nuestros servicios de <strong>transporte terrestre<\/strong> son:<\/h5>\n<ul><\/ul>\n<ul class=\"list-marked\">\n<li>Servicio de grupaje para toda Europa<\/li>\n<li>Cargas completas en lona y camiones frigor\u00edficos<\/li>\n<li>Salidas diarias<\/li>\n<li>Servicios directos<\/li>\n<li>Almacenes en Madrid, Valencia, Andaluc\u00eda<\/li>\n<li>Servicio de recogida y entrega diaria<\/li>\n<\/ul>\n<\/div>\n<p>[\/et_pb_text][\/et_pb_column][\/et_pb_row][\/et_pb_section]<\/p>\n","protected":false},"excerpt":{"rendered":"<p>\u00bfQu\u00e9 necesitas enviar? P\u00eddenos presupuesto Transporte terrestreServicio nacional e\u00a0 internacional. El servicio terrestre de mercanc\u00edas de INTERNACIONAL CARGO abarca dos grandes a\u00e9reas: nacional e internacional. El servicio en la pen\u00ednsula ib\u00e9rica incluye cargas completas y lotes, adem\u00e1s cubrimos Ceuta, Melilla, Baleares y Canarias. El servicio en la parte de transporte terrestre en internacional , INTERNACIONAL [&hellip;]<\/p>\n","protected":false},"author":1,"featured_media":0,"parent":0,"menu_order":0,"comment_status":"closed","ping_status":"closed","template":"","meta":{"_et_pb_use_builder":"on","_et_pb_old_content":"","_et_gb_content_width":"","footnotes":""},"class_list":["post-75","page","type-page","status-publish","hentry"],"_links":{"self":[{"href":"https:\/\/www.internacionalcargo.com\/en\/wp-json\/wp\/v2\/pages\/75","targetHints":{"allow":["GET"]}}],"collection":[{"href":"https:\/\/www.internacionalcargo.com\/en\/wp-json\/wp\/v2\/pages"}],"about":[{"href":"https:\/\/www.internacionalcargo.com\/en\/wp-json\/wp\/v2\/types\/page"}],"author":[{"embeddable":true,"href":"https:\/\/www.internacionalcargo.com\/en\/wp-json\/wp\/v2\/users\/1"}],"replies":[{"embeddable":true,"href":"https:\/\/www.internacionalcargo.com\/en\/wp-json\/wp\/v2\/comments?post=75"}],"version-history":[{"count":5,"href":"https:\/\/www.internacionalcargo.com\/en\/wp-json\/wp\/v2\/pages\/75\/revisions"}],"predecessor-version":[{"id":340,"href":"https:\/\/www.internacionalcargo.com\/en\/wp-json\/wp\/v2\/pages\/75\/revisions\/340"}],"wp:attachment":[{"href":"https:\/\/www.internacionalcargo.com\/en\/wp-json\/wp\/v2\/media?parent=75"}],"curies":[{"name":"wp","href":"https:\/\/api.w.org\/{rel}","templated":true}]}}